{"id":134,"date":"2025-07-01T11:19:52","date_gmt":"2025-07-01T11:19:52","guid":{"rendered":"https:\/\/witzl.hu\/zsolt\/?page_id=134"},"modified":"2025-07-01T11:20:01","modified_gmt":"2025-07-01T11:20:01","slug":"tevekenysegek","status":"publish","type":"page","link":"https:\/\/witzl.hu\/zsolt\/tevekenysegek\/","title":{"rendered":"Tev\u00e9kenys\u00e9gek"},"content":{"rendered":"\n<p><strong>Tervez\u00e9si ter\u00fclet:<\/strong><\/p>\n\n\n\n<ul class=\"wp-block-list\">\n<li>\u00daj lak\u00f3\u00e9p\u00fcletek (csal\u00e1di- \u00e9s h\u00e9tv\u00e9gi h\u00e1zak, t\u00e1rsash\u00e1zak).<\/li>\n\n\n\n<li>Passz\u00edvh\u00e1z tervez\u00e9s.<\/li>\n\n\n\n<li>Megl\u00e9v\u0151 lak\u00f3\u00e9p\u00fcletek fel\u00faj\u00edt\u00e1sa \u00e9s \u00e1talak\u00edt\u00e1sa, b\u0151v\u00edt\u00e9se vagy egyszer\u0171en csak \u00fajj\u00e1\u00e9leszt\u00e9se.<\/li>\n\n\n\n<li>\u00daj k\u00f6z\u00e9p\u00fcletek (irod\u00e1k, \u00fczletek, \u00e9ttermek, sport l\u00e9tes\u00edtm\u00e9nyek, \u00f3vod\u00e1k \u00e9s iskol\u00e1k, stb.).<\/li>\n\n\n\n<li>Megl\u00e9v\u0151 k\u00f6z\u00e9p\u00fcletek fel\u00faj\u00edt\u00e1sa \u00e9s \u00e1talak\u00edt\u00e1sa, b\u0151v\u00edt\u00e9se.<\/li>\n\n\n\n<li>M\u0171eml\u00e9k \u00e9p\u00fcletek, helyi v\u00e9dett \u00e9p\u00fcletek fel\u00faj\u00edt\u00e1sa (\u00e9s \u00e1talak\u00edt\u00e1sa).<\/li>\n\n\n\n<li>Ipari \u00e9p\u00fcletek tervez\u00e9se, \u00e9s megl\u00e9v\u0151 l\u00e9tes\u00edtm\u00e9nyek fel\u00faj\u00edt\u00e1sa, \u00e1talak\u00edt\u00e1sa \u00e9s b\u0151v\u00edt\u00e9se.<\/li>\n\n\n\n<li>Mez\u0151gazdas\u00e1gi \u00e9p\u00fcletek tervez\u00e9se, n\u0151v\u00e9nytermeszt\u0151 vagy \u00e1llattart\u00f3 telephelyek fejleszt\u00e9se, megl\u00e9v\u0151 l\u00e9tes\u00edtm\u00e9nyek \u00e1talak\u00edtsa, funkci\u00f3v\u00e1lt\u00e1s, fel\u00faj\u00edt\u00e1s \u00e9s b\u0151v\u00edt\u00e9s.<\/li>\n\n\n\n<li>\u00c9p\u00fcletek fennmarad\u00e1sa, vagy bont\u00e1sa.<\/li>\n\n\n\n<li>Szaktan\u00e1csad\u00e1s.<\/li>\n<\/ul>\n\n\n\n<p><strong>F\u0151\u00e9p\u00edt\u00e9szi feladatell\u00e1t\u00e1s.<\/strong><\/p>\n\n\n\n<p><strong>M\u0171szaki vezet\u00e9s (kiz\u00e1r\u00f3lag partner c\u00e9geken kereszt\u00fcl).<\/strong><\/p>\n\n\n\n<p><strong>M\u0171szaki ellen\u0151rz\u00e9s, az \u00e1ltalunk, vagy m\u00e1sok \u00e1ltal tervezett \u00e9p\u00fcletek teljes k\u00f6r\u0171 m\u0171szaki fel\u00fcgyelete a kivitelez\u00e9s sor\u00e1n.<\/strong><\/p>\n\n\n\n<ul class=\"wp-block-list\">\n<li>A tervez\u00e9s sor\u00e1n az \u00e9p\u00edttet\u0151 feladata a tervez\u00e9si alapadatok (tulajdoni lap, t\u00e9rk\u00e9pm\u00e1solat) biztos\u00edt\u00e1sa, valamint a feladat pontos meghat\u00e1roz\u00e1sa, ak\u00e1r \u00edr\u00e1sban, rajzban (\u201ekock\u00e1s\u201d pap\u00edron) vagy csak sz\u00f3ban elmondva. Mi a teljes szakmai \u00e9s m\u0171szaki \u00fcgyint\u00e9z\u00e9st \u00e1tv\u00e1llaljuk, nem kell elvesznie a jogszab\u00e1lyok kavalk\u00e1dj\u00e1ban.<\/li>\n<\/ul>\n\n\n\n<ul class=\"wp-block-list\">\n<li>A hat\u00e1lyos jogszab\u00e1lyok szerinti m\u0171szaki tervdokument\u00e1ci\u00f3 elk\u00e9sz\u00edt\u00e9s\u00e9t, minden szak\u00e1gi tervvel (energetika, tart\u00f3szerkezet, g\u00e9p\u00e9szet, elektromos, t\u0171zv\u00e9delem, k\u00f6rnyezetv\u00e9delem, geod\u00e9zia, talajmechanika sz\u00fcks\u00e9g szerint) egy\u00fctt v\u00e1llaljuk, mind enged\u00e9lyez\u00e9si mind kiviteli terv szinten. Szaktervez\u0151 koll\u00e9g\u00e1inkkal t\u00f6bb \u00e9ves szakmai \u00e9s partner kapcsolatban vagyunk. Nyitottak vagyunk az \u00faj\u00edt\u00e1sokra, hagyom\u00e1nyos \u00e9s modern megold\u00e1sokra.<\/li>\n<\/ul>\n\n\n\n<p><strong>Tervez\u00e9si d\u00edj:<\/strong><\/p>\n\n\n\n<p><strong>1.<\/strong> \u00c9p\u00edt\u00e9si enged\u00e9lyez\u00e9si tervdokument\u00e1ci\u00f3 k\u00e9sz\u00edt\u00e9se:<\/p>\n\n\n\n<ul class=\"wp-block-list\">\n<li>Olyan a jogszab\u00e1lyokban meghat\u00e1rozott tartalm\u00fa tervanyag, amely alapj\u00e1n az enged\u00e9lyez\u0151 hat\u00f3s\u00e1g kiadja az \u00e9p\u00edt\u00e9si (vagy bont\u00e1si) enged\u00e9lyt. Ennek a tervdokument\u00e1ci\u00f3nak az elk\u00e9sz\u00edt\u00e9se k\u00f6telez\u0151, m\u0171szaki tartalm\u00e1t a jogszab\u00e1lyok hat\u00e1rozz\u00e1k meg. Az enged\u00e9lyez\u00e9si terv t\u00f6bb szak\u00e1gi munkar\u00e9szb\u0151l \u00e1ll, melyek k\u00f6z\u00fcl az \u00e9p\u00edt\u00e9sz terv foglalja \u00f6ssze, egyes\u00edti a tervanyagot. A kieg\u00e9sz\u00edt\u0151 munkar\u00e9szeket \u2013 mint a tart\u00f3szerkezeti sz\u00e1m\u00edt\u00e1sok, energetikai sz\u00e1m\u00edt\u00e1s, t\u0171zv\u00e9delmi m\u0171szaki le\u00edr\u00e1s, villamos \u00e9s \u00e9p\u00fcletg\u00e9p\u00e9szeti tervfejezet, stb. \u2013 alv\u00e1llalkoz\u00f3 koll\u00e9g\u00e1ink k\u00e9sz\u00edtik el, \u00d6nnek ezzel nem kell foglalkoznia, egy csomagban kapja meg. A tervez\u00e9s alatt a hat\u00f3s\u00e1gi \u00e9s szakhat\u00f3s\u00e1gi egyeztet\u00e9seket is lefolytatjuk, \u00d6n az otthon\u00e1ban v\u00e1rhatja a fejlem\u00e9nyeket, az elk\u00e9sz\u00fclt \u00e9s al\u00e1\u00edrt tervdokument\u00e1ci\u00f3t, a hat\u00f3s\u00e1gi enged\u00e9lyeztet\u00e9sre is leadjuk, a teljes elektronikus \u00fcgyint\u00e9z\u00e9st \u00e1tv\u00e1llaljuk.<\/li>\n\n\n\n<li>A tervez\u00e9si d\u00edj t\u00f6bb r\u00e9szb\u0151l tev\u0151dik \u00f6ssze, \u00e9s a tervez\u00e9si munka fajt\u00e1j\u00e1t\u00f3l, a szak\u00e1gi munkar\u00e9szek nagys\u00e1g\u00e1t\u00f3l \u00e9s sokas\u00e1g\u00e1t\u00f3l f\u00fcgg.<\/li>\n\n\n\n<li>Minden tervez\u00e9si munk\u00e1ra egyedi aj\u00e1nlatot adunk, a szaktervez\u0151 koll\u00e9g\u00e1inkkal egyeztetve, felm\u00e9rve a sz\u00fcks\u00e9ges dokument\u00e1ci\u00f3 mennyis\u00e9g\u00e9t \u00e9s tartalm\u00e1t.<\/li>\n\n\n\n<li>Az enged\u00e9lyez\u00e9si tervdokument\u00e1ci\u00f3 elk\u00e9sz\u00edt\u00e9s\u00e9re a feladat nagys\u00e1grendj\u00e9t\u0151l f\u00fcgg\u0151en 6-8 h\u00e9t sz\u00fcks\u00e9ges, de egyes esetekben enn\u00e9l hosszabb id\u0151re is sz\u00fcks\u00e9g lehet.<\/li>\n<\/ul>\n\n\n\n<p><strong>2.<\/strong> Kiviteli tervdokument\u00e1ci\u00f3 k\u00e9sz\u00edt\u00e9se:<\/p>\n\n\n\n<ul class=\"wp-block-list\">\n<li>Olyan a jogszab\u00e1lyokban meghat\u00e1rozott tartalm\u00fa tervanyag, amely alapj\u00e1n az \u00e9p\u00edt\u00e9si, kivitelez\u00e9si munka szakszer\u0171en, hi\u00e1nytalanul elv\u00e9gezhet\u0151. Ennek a tervdokument\u00e1ci\u00f3nak az elk\u00e9sz\u00edt\u00e9se egyes esetekben k\u00f6telez\u0151, m\u0171szaki tartalm\u00e1t a jogszab\u00e1lyok hat\u00e1rozz\u00e1k meg. A kiviteli terv t\u00f6bb szak\u00e1gi munkar\u00e9szb\u0151l \u00e1ll, melyeket \u2013 mint a tart\u00f3szerkezeti tervek \u00e9s gy\u00e1rtm\u00e1nytervek, villamos- \u00e9s \u00e9p\u00fcletg\u00e9p\u00e9szeti terv, stb. \u2013 alv\u00e1llalkoz\u00f3 koll\u00e9g\u00e1ink k\u00e9sz\u00edtik el, a tervez\u0151 koll\u00e9g\u00e1k koordin\u00e1l\u00e1s\u00e1t, a tervez\u00e9s megszervez\u00e9s\u00e9t is magunkra v\u00e1llaljuk. A tervez\u00e9s sor\u00e1n a hat\u00f3s\u00e1gi \u00e9s szakhat\u00f3s\u00e1gi egyeztet\u00e9seket lefolytatjuk, \u00d6n a jegyz\u0151k\u00f6nyvekkel egy\u00fctt kapja meg az elk\u00e9sz\u00fclt \u00e9s al\u00e1\u00edrt tervdokument\u00e1ci\u00f3t.<\/li>\n\n\n\n<li>A kiviteli tervdokument\u00e1ci\u00f3 tervez\u00e9si d\u00edj\u00e1nak meghat\u00e1roz\u00e1sa a kamarai ir\u00e1nyelvek figyelembev\u00e9tel\u00e9vel, a m\u0171szaki tartalom alapj\u00e1n, alv\u00e1llalkoz\u00f3i aj\u00e1nlatok bek\u00e9r\u00e9s\u00e9vel t\u00f6rt\u00e9nik.<\/li>\n\n\n\n<li>A kiviteli tervek elk\u00e9sz\u00edt\u00e9s\u00e9re 8-12 h\u00e9t (vagy ak\u00e1r hosszabb id\u0151 is) sz\u00fcks\u00e9geltetik, a tervez\u00e9s nagys\u00e1g\u00e1nak f\u00fcggv\u00e9ny\u00e9ben.<\/li>\n<\/ul>\n\n\n\n<p><strong>F\u0151\u00e9p\u00edt\u00e9szi feladatell\u00e1t\u00e1s<\/strong><\/p>\n\n\n\n<p><strong>M\u0171szaki ellen\u0151rz\u00e9s<\/strong><\/p>\n\n\n\n<p><strong>Felel\u0151s m\u0171szaki vezet\u00e9s<\/strong><\/p>\n","protected":false},"excerpt":{"rendered":"<p>Tervez\u00e9si ter\u00fclet: F\u0151\u00e9p\u00edt\u00e9szi feladatell\u00e1t\u00e1s. M\u0171szaki vezet\u00e9s (kiz\u00e1r\u00f3lag partner c\u00e9geken kereszt\u00fcl). M\u0171szaki ellen\u0151rz\u00e9s, az \u00e1ltalunk, vagy m\u00e1sok \u00e1ltal tervezett \u00e9p\u00fcletek teljes k\u00f6r\u0171 m\u0171szaki fel\u00fcgyelete a kivitelez\u00e9s sor\u00e1n. Tervez\u00e9si d\u00edj: 1. \u00c9p\u00edt\u00e9si enged\u00e9lyez\u00e9si tervdokument\u00e1ci\u00f3 k\u00e9sz\u00edt\u00e9se: 2. Kiviteli tervdokument\u00e1ci\u00f3 k\u00e9sz\u00edt\u00e9se: F\u0151\u00e9p\u00edt\u00e9szi feladatell\u00e1t\u00e1s M\u0171szaki ellen\u0151rz\u00e9s Felel\u0151s m\u0171szaki vezet\u00e9s<\/p>\n","protected":false},"author":2,"featured_media":0,"parent":0,"menu_order":0,"comment_status":"closed","ping_status":"closed","template":"","meta":{"_seopress_robots_primary_cat":"","_seopress_titles_title":"","_seopress_titles_desc":"","_seopress_robots_index":"","footnotes":""},"class_list":["post-134","page","type-page","status-publish","hentry"],"_links":{"self":[{"href":"https:\/\/witzl.hu\/zsolt\/wp-json\/wp\/v2\/pages\/134","targetHints":{"allow":["GET"]}}],"collection":[{"href":"https:\/\/witzl.hu\/zsolt\/wp-json\/wp\/v2\/pages"}],"about":[{"href":"https:\/\/witzl.hu\/zsolt\/wp-json\/wp\/v2\/types\/page"}],"author":[{"embeddable":true,"href":"https:\/\/witzl.hu\/zsolt\/wp-json\/wp\/v2\/users\/2"}],"replies":[{"embeddable":true,"href":"https:\/\/witzl.hu\/zsolt\/wp-json\/wp\/v2\/comments?post=134"}],"version-history":[{"count":1,"href":"https:\/\/witzl.hu\/zsolt\/wp-json\/wp\/v2\/pages\/134\/revisions"}],"predecessor-version":[{"id":138,"href":"https:\/\/witzl.hu\/zsolt\/wp-json\/wp\/v2\/pages\/134\/revisions\/138"}],"wp:attachment":[{"href":"https:\/\/witzl.hu\/zsolt\/wp-json\/wp\/v2\/media?parent=134"}],"curies":[{"name":"wp","href":"https:\/\/api.w.org\/{rel}","templated":true}]}}